{"id":1751,"date":"2018-03-28T13:50:30","date_gmt":"2018-03-28T11:50:30","guid":{"rendered":"https:\/\/www.nicolas-radulescu.com\/?page_id=1751"},"modified":"2018-03-28T13:52:01","modified_gmt":"2018-03-28T11:52:01","slug":"appearances-2011-2015","status":"publish","type":"page","link":"https:\/\/www.nicolasradulescu.at\/en\/appearances-2011-2015\/","title":{"rendered":"Appearances 2011 \u2013\u00a02015"},"content":{"rendered":"<p>22 November 2015: <a href=\"http:\/\/www.cameratamedica-wien.at\/\" target=\"_blank\" rel=\"noopener noreferrer\">Camerata Medica Wien<\/a><br \/>\n11:00 am, Spitzy Auditorium, Orthop\u00e4disches Spital Speising<\/p>\n<p>Khatchaturian: Masquerade Suite<br \/>\nRodrigo: Concierto de Aranjuez (Alv\u00e1ro Cordoba, guitar)<br \/>\nDvo\u0159\u00e1k: Symphony no. 8 G major, Op. 88<\/p>\n<hr \/>\n<p>13 November 2015: <a href=\"http:\/\/www.kammerorchester.at\/\" target=\"_blank\" rel=\"noopener noreferrer\">Franz Schmidt Kammerorchester<br \/>\n<\/a>7:00 pm, Justizpalast Wien<\/p>\n<p>Musik im Recht &#8211; Meet Young Talents!<\/p>\n<p>Elgar: Cello Concerto in E minor, Op. 85, 1st and 2nd mvts (Michael Luginb\u00fchl)<br \/>\nLortzing: \u201cDie Eifersucht\u201d, Marie&#8217;s Aria, from \u201cTsar and Carpenter\u201d (Maria Ladurner)<br \/>\nMozart: Piano Concerto in A, K. 488, 2nd &amp; 3rd mvts. (Lukas Sternath)<br \/>\n***<br \/>\nVerdi: \u201cLa Traviata\u201d, Act I Prelude<br \/>\nMozart: \u201cDeh vieni, non tardar\u201d from \u201cLe Nozze di Figaro\u201d (Maria Ladurner)<br \/>\nHandel: \u201cLascia, ch\u2019io pianga\u201d from \u201cRinaldo\u201d (Maria Ladurner)<br \/>\nF. D. Weber: Variations in F for Flugelhorn and Orchestra (Ganvai Friedrich)<br \/>\nBeethoven: Piano Concerto No. 1 in C, Op. 15, 1st mvt. (Haowen Gao)<\/p>\n<hr \/>\n<p>3 October 2015: Festival Venite Vinum Musica<br \/>\n19:00, Odeon Vienna<br \/>\nVenite Vinum Festival Orchestra, Merwe&#8217;s Oratorium Vereniging Dordrecht, NL<\/p>\n<p>Program includes<br \/>\nBeethoven: Mass in C major, Op. 86 (Kikuko Teshima, Jaroslava Pepper, Richard T\u00e1mas, Josef W. Pepper)<\/p>\n<hr \/>\n<p>20 September 2015: Festival Orgelkunst Ziersdorf<br \/>\n16:00, Pfarrkirche Ziersdorf<br \/>\n<a href=\"http:\/\/www.kammerorchester.at\/\" target=\"_blank\" rel=\"noopener noreferrer\">Franz Schmidt Kammerorchester<\/a><\/p>\n<p>Program includes<br \/>\nMozart: Serenata Notturna for Strings and Timpani<br \/>\nTh\u00fcrauer: Double Concerto for Organ, Percussion and Strings \u201cVeni, creator spiritus\u201d (Johannes Bigenzahn, Dominic Feichtinger)<\/p>\n<hr \/>\n<p>August 2015: <a href=\"http:\/\/www.camerata-pannonica.com\" target=\"_blank\" rel=\"noopener noreferrer\">Camerata Pannonica<\/a>, K\u0151szeg, Hungary<\/p>\n<p>Final Concert 16 August 2015<br \/>\n11:00 am, Franz-Liszt-Zentrum Raiding, Burgenland<\/p>\n<p>Anton\u00edn Dvo\u0159\u00e1k: Czech Suite, Op. 39<br \/>\nMozart: Piano Concerto no. 22 E-flat major K. 482 (Elisabeth Leonskaja, piano)<\/p>\n<p>Felix Mendelssohn: Symphony no. 4 A major, Op. 90 (&#8220;Italian&#8221;)<\/p>\n<hr \/>\n<p>8 August 2015: <a href=\"http:\/\/www.kammerorchester.at\/\" target=\"_blank\" rel=\"noopener noreferrer\">Franz Schmidt Kammerorchester<\/a><br \/>\n19:30 Palais Ferstel, Vienna<\/p>\n<p>Charity Concert with Panmusica Austria<\/p>\n<p>Program:<br \/>\nSolo Concertos, Arias and Choruses by Mozart<\/p>\n<hr \/>\n<p>3 July 2015: <a href=\"http:\/\/www.cultours.at\/\" target=\"_blank\" rel=\"noopener noreferrer\">Cantus Salisburgensis<\/a><br \/>\n18.30, Gro\u00dfer Saal<br \/>\nMozarteum, Salzburg<\/p>\n<p>Program includes<br \/>\nBeethoven: Choral Fantasia op. 80 (Chenny Gan, piano)<\/p>\n<hr \/>\n<p>29 June 2015: <a href=\"http:\/\/www.kammerorchester.at\/\" target=\"_blank\" rel=\"noopener noreferrer\">Franz Schmidt Kammerorchester<br \/>\n<\/a>19:00, <a href=\"http:\/\/www.muth.at\" target=\"_blank\" rel=\"noopener noreferrer\">MuTh Wien<\/a><\/p>\n<p>YOUNG MASTERS &#8211; together with Johann Sebastian Bach Musikschule and mdw<\/p>\n<p>Mozart: Sinfonia concertante f. Vl., Va. and Orchestra E-flat major K. 364 1st mvt: Allegro maestoso (S.Hahn, A. Sibinovic)<br \/>\nMozart: Concerto for Flute and Harp K. 299 2nd mvt: Andantino (Cassandra Chong, Chiara Sax)<br \/>\nBeethoven: 1st Piano Concerto C major Op. 15, 2nd and 3rd mvts (Lila Liu)<br \/>\n***<br \/>\nWeber: 1st Clarinet Concerto F minor Op. 73, 1st mvt (Daniel Ali Lugosi)<br \/>\nBramb\u00f6ck: \u201eSerie gl\u00fccklicher Momente\u201c for Alto Saxophone and Strings (Severin Neubauer)<br \/>\nDoppler: Hungarian Fantasy for Flute and Orchestra Op. 26 (Iris Maa\u00df)<br \/>\nBottesini: Grand Duo concertante for Violin, Double Bass and Orchestra (Andreas Siles Mellinger, Dominik Wagner)<\/p>\n<hr \/>\n<p>21 June 2015: <a href=\"http:\/\/www.cameratamedica-wien.at\/\" target=\"_blank\" rel=\"noopener noreferrer\">Camerata Medica Wien<\/a><br \/>\n11:00, Maria-Theresia-Festsaal der Krankenanstalt Rudolfstiftung<\/p>\n<p>Charity Concert for Nepal<\/p>\n<p>Beethoven: Ouverture to Collin\u2019s Drama \u201cCoriolan\u201d, Op. 62<br \/>\nRavel: Pavane pour une infante d\u00e9funte<br \/>\nMendelssohn: Ouverture to &#8220;Fair Melusina&#8221;, Op. 32<br \/>\n***<br \/>\nGluck: Ouverture, Air de Furie et Danses des Ombres Heureux from \u201cOrph\u00e9e et Eurydice\u201d<br \/>\nBeethoven: Symphony no. 1 C major, Op. 21<\/p>\n<hr \/>\n<p>24 April 2015: <a href=\"http:\/\/www.kammerorchester.at\/\" target=\"_blank\" rel=\"noopener noreferrer\">Franz Schmidt Kammerorchester<br \/>\n<\/a>19:00, Justizpalast Wien<\/p>\n<p>Musik im Recht &#8211; Young Talents!<\/p>\n<p>Program includes<br \/>\nProkofjev: Piano Concerto no. 1 D-flat major<br \/>\nCastelnuovo-Tedesco: Concerto for 2 Guitars and Orchestra<\/p>\n<hr \/>\n<p>22 March 2015: <a href=\"http:\/\/www.cameratamedica-wien.at\/\" target=\"_blank\" rel=\"noopener noreferrer\">Camerata Medica Wien<\/a><br \/>\n11:00, Maria-Theresia-Festsaal der Krankenanstalt Rudolfstiftung<\/p>\n<p>Glinka: Valse-Fantaisie<br \/>\nHaydn: Symphony no. 103 E-flat major (\u201cDrumroll\u201d)<br \/>\nBalakirev: Ouverture on 3 Russian Folk Songs<br \/>\nSchubert: Symphonic Fragment B minor\/E major (\u201cUnfinished\u201d)<\/p>\n<hr \/>\n<p>14 November 2014: <a href=\"http:\/\/www.kammerorchester.at\/\" target=\"_blank\" rel=\"noopener noreferrer\">Franz Schmidt Kammerorchester<br \/>\n<\/a>7:00 pm, Justizpalast Wien<\/p>\n<p>Musik im Recht &#8211; Meet Young Talents!<\/p>\n<p>Program includes:<br \/>\nMendelssohn: Overture &#8220;Fair Melusina&#8221;<br \/>\nMozart: Piano Concerto C minor<br \/>\nMilhaud: Scaramouche<\/p>\n<hr \/>\n<p>26 October 2014: <a href=\"http:\/\/www.cameratamedica-wien.at\/\" target=\"_blank\" rel=\"noopener noreferrer\">Camerata Medica Wien<\/a><br \/>\n11:00 am, Orangerie Sch\u00f6nbrunn<\/p>\n<p>Mozart: Ouverture &#8220;The Magic Flute&#8221;<br \/>\nStravinsky: 2 Suites for Small Orchestra<br \/>\nGrieg: Peer Gynt Suite no. 1<br \/>\n***<br \/>\nBrahms: Symphony no. 2 D major, Op. 73<\/p>\n<hr \/>\n<p>August 2014: <a href=\"http:\/\/www.camerata-pannonica.com\" target=\"_blank\" rel=\"noopener noreferrer\">Camerata Pannonica<\/a>, K\u0151szeg, Hungary<\/p>\n<p>Final Concert on 10 August 2014<br \/>\n11:00 am, Franz-Liszt-Zentrum Raiding, Burgenland<\/p>\n<p>Anton\u00edn Dvo\u0159\u00e1k: Carneval Ouverture, Op. 92<br \/>\nEdward Elgar: Cello Concerto E minor, Op. 85 (Didier Poskin)<\/p>\n<p>Dmitri Shostakovich: Symphony no. 9 E-flat major, Op. 70<\/p>\n<hr \/>\n<p>4 July 2014: <a href=\"http:\/\/www.cultours.at\/\" target=\"_blank\" rel=\"noopener noreferrer\">Cantus Salisburgensis<\/a><br \/>\n6.30 pm, Grand Auditorium<br \/>\nMozarteum, Salzburg<\/p>\n<p>Program includes<br \/>\nBeethoven: Choral Fantasia, Op. 80 (Chenny Gan, piano)<\/p>\n<hr \/>\n<p>27 June 2014: <a href=\"http:\/\/www.kammerorchester.at\/\" target=\"_blank\" rel=\"noopener noreferrer\">Franz Schmidt Kammerorchester<br \/>\n<\/a>7:30 pm, <a href=\"http:\/\/www.muth.at\" target=\"_blank\" rel=\"noopener noreferrer\">MuTh Wien<\/a><\/p>\n<p>Program includes<br \/>\nBeethoven: Piano Concerto no. 5 E-flat major, Op. 73, 1st mvt.<br \/>\nTchaikovsky: Rokoko Variations<br \/>\nSaint-Saens: Cello Concerto no. 1<\/p>\n<hr \/>\n<p>27 April 2014: <a href=\"http:\/\/www.cameratamedica-wien.at\/\" target=\"_blank\" rel=\"noopener noreferrer\">Camerata Medica Wien<br \/>\n<\/a>11:00, Festsaal der Krankenanstalt Rudolfstiftung<br \/>\nBoerhaavegasse 13, 1030 Wien<\/p>\n<p>F. Mendelssohn Bartholdy: The Hebrides, Op. 26<br \/>\nZ. Kod\u00e1ly: Minuetto Serio<br \/>\nB. Bart\u00f3k: Hungarian Sketches<br \/>\n***<br \/>\nBeethoven: Symphony No. 6 F major, Op. 68 (&#8220;Pastoral&#8221;)<\/p>\n<hr \/>\n<p>28 March 2014: <a href=\"http:\/\/www.kammerorchester.at\/\" target=\"_blank\" rel=\"noopener noreferrer\">Franz Schmidt Kammerorchester<br \/>\n<\/a>7:00 pm, Justizpalast Wien<\/p>\n<p>Musik im Recht &#8211; Discover Young Talents!<\/p>\n<p>Mozart: Piano Concerto in A, K. 414, 1st mvt. (Calin Calfa)<br \/>\nHaydn: Cello Concerto in D, 1st mvt. (Jan Bogdan)<br \/>\nMozart: Piano Concerto in C minor, K. 491, 3rd mvt. (Mitra Kotte)<br \/>\nDanzi: Variations on a Theme from Mozart&#8217;s &#8220;Don Giovanni&#8221; (Clemens Kropfitsch)<\/p>\n<p>Tchaikovsky: Pas de Deux from &#8220;Swan Lake&#8221;<br \/>\nChopin: Andante spianato et Grande Polonaise Brillante op. 22 (Maximilian Kromer)<br \/>\nRavel: Tzigane (Elea Nick)<br \/>\nSchmidt: Intermezzo from &#8220;Notre Dame&#8221;<\/p>\n<hr \/>\n<p>30 December 2013: International JointCon Orchestra Tokyo, Japan, <a href=\"http:\/\/www.cameratamedica-wien.at\/\" target=\"_blank\" rel=\"noopener noreferrer\">Members of Camerata Medica Wien<br \/>\n<\/a>Barbara P\u00f6ltl, Jaroslava Pepper, Richard Tamas, Josef Pepper<br \/>\nProject Chorus &#8220;Ode an die Freude&#8221;<br \/>\n7:30 pm, <a href=\"http:\/\/www.muth.at\" target=\"_blank\" rel=\"noopener noreferrer\">MuTh<\/a> Vienna<\/p>\n<p>Brahms: Tragic Ouverture Op. 81<br \/>\nBeethoven: Symphony No. 9 D minor &#8220;Choral&#8221; Op. 125<\/p>\n<hr \/>\n<p>1 December 2013: <a href=\"http:\/\/www.cameratamedica-wien.at\/\" target=\"_blank\" rel=\"noopener noreferrer\">Camerata Medica Wien<\/a><br \/>\n11:00 am, Studio 44 Wien<\/p>\n<p>Debussy: Petite Suite<br \/>\nRespighi: Gli Uccelli<\/p>\n<hr \/>\n<p>25 October 2013: <a href=\"http:\/\/www.kammerorchester.at\/\" target=\"_blank\" rel=\"noopener noreferrer\">Franz Schmidt Kammerorchester<br \/>\n<\/a>7:00 pm, Justizpalast Wien<\/p>\n<p>Musik im Recht &#8211; Discover Young Talents!<\/p>\n<p>Beethoven: Piano Concerto No. 1 in C, Op. 15, 1st mvt. (Felix Thaler)<br \/>\nGiuliani: Guitar Concerto in F, Op. 70, 2nd mvt. (Nikolas G\u00f6hl)<br \/>\nTchaikovsky, Leh\u00e1r: Arias (Semjon Bulinsky, tenor)<br \/>\n***<br \/>\nWeber: Andante e Rondo ongarese, Op. 35 (Magda Pamhaas, bassoon)<br \/>\nDittersdorf: Double Bass Concerto in E, 1st mvt. (Dominik Wagner)<br \/>\nHaydn: Symphoniy No. 100 in G (&#8220;Military&#8221;)<\/p>\n<hr \/>\n<p>26 September 2013: <a href=\"http:\/\/www.cameratamedica-wien.at\/\" target=\"_blank\" rel=\"noopener noreferrer\">Camerata Medica Wien<br \/>\n<\/a>7:30 pm, Brahms Hall<br \/>\nMusikverein Wien<\/p>\n<p>Program included<br \/>\nJ. Rodrigo: Fantasia para un Gentilhombre (Alvaro Cordoba, guitar)<\/p>\n<hr \/>\n<p>August 2013: <a href=\"http:\/\/www.camerata-pannonica.com\" target=\"_blank\" rel=\"noopener noreferrer\">Camerata Pannonica<\/a>, K\u0151szeg, Hungary<\/p>\n<p>Final concert on 25 August 2013<br \/>\n11:00 am, Franz-Liszt-Zentrum Raiding, Burgenland<\/p>\n<p>Johann Strauss II: Ouverture &#8220;Gypsy Baron&#8221;<br \/>\nC. Saint-Sa\u00ebns: Morceau de Concert pour Harpe et Orchestre op. 154 (Renate Strahlhofer)<br \/>\nA. Copland: Appalachian Spring Suite<\/p>\n<p>P. I. Tchaikovsky: Symphony No. 5 in E minor, Op. 64<\/p>\n<hr \/>\n<p><span style=\"color: #888888;\">(Sorry, entries from 2007 \u2013 5 July 2013 are in German only!)<\/span><\/p>\n<p>5. Juli 2013: <a href=\"http:\/\/www.cultours.at\/\" target=\"_blank\" rel=\"noopener noreferrer\">Cantus Salisburgensis<\/a><br \/>\n18.30, Gro\u00dfer Saal<br \/>\nMozarteum, Salzburg<\/p>\n<p>Programm u. a.<br \/>\nMozart: Sinfonie Nr. 27 G-Dur<br \/>\nBeethoven: Chorfantasie op. 80 (Chenny Gan, Klavier)<\/p>\n<p>Conwonnit\u00e9 Choir (Ho\u00ebrskool Wonderboom choir) (dir. Albert Morland) \/ ZA; Hastings and Prince Edward Children&#8217;s Chorus (dir. Rudolf Heijdens &amp; Jennifer Curtis) \/ CDN; Singende Herzen (dir. Erika Schebela) \/ UKR; Cantus Salisburgensis Festival Orchestra \/ AT&amp;GER)<\/p>\n<hr \/>\n<p>22. Juni 2013: <a href=\"http:\/\/www.cameratamedica-wien.at\/\" target=\"_blank\" rel=\"noopener noreferrer\">Camerata Medica Wien<\/a><br \/>\n19.00, Prof.-Spitzy-Auditorium<br \/>\nOrthop\u00e4disches Spital Speising, 1230 Wien<\/p>\n<p>C. M. von Weber: Ouvert\u00fcre zu &#8220;Der Freisch\u00fctz&#8221;<br \/>\nR. Volkmann: Cellokonzert (Chia-Ju Tsai, Cello)<br \/>\nR. Schumann: Sinfonie Nr. 1 B-Dur op. 38<\/p>\n<hr \/>\n<p>20. Juni 2013: <a href=\"http:\/\/www.cameratamedica-wien.at\/\" target=\"_blank\" rel=\"noopener noreferrer\">Camerata Medica Wien<\/a><br \/>\n19.00, Schloss Orth an der Donau<\/p>\n<p>Programm u. a.<br \/>\nC. M. von Weber: Ouvert\u00fcre zu &#8220;Der Freisch\u00fctz&#8221;<br \/>\nG. F. H\u00e4ndel: Ausz\u00fcge aus &#8220;Water Music&#8221;<br \/>\nJ. Strau\u00df Sohn: &#8220;An der sch\u00f6nen blauen Donau&#8221;<\/p>\n<hr \/>\n<p>19. April 2013: <a href=\"http:\/\/www.kammerorchester.at\/\" target=\"_blank\" rel=\"noopener noreferrer\">Franz Schmidt Kammerorchester<\/a><\/p>\n<p>Musik im Recht &#8211; Junge Talente stellen sich vor!<\/p>\n<p>Programm u. a.<br \/>\nRichard Wagner: Siegfried-Idyll<\/p>\n<hr \/>\n<p>M\u00e4rz 2013<br \/>\nDom zu Graz, 16. 3.<br \/>\nSt. Michael, Wien, 17. 3.<br \/>\nPorrentruy, CH, 23. 3.<\/p>\n<p>Michael Radulescu: Leiden und Tod unsres Herrn und Heilands Jesus Christus. Eine Passion<\/p>\n<p>Domkantorei Graz, Domorchester Graz<br \/>\nPia Hansen, Alt, Ulf B\u00e4stlein, Bass<br \/>\nMichael Radulescu, Leitung<\/p>\n[N.R., Viola da Gamba]\n<hr \/>\n<p>20. Januar 2013: <a href=\"http:\/\/www.cameratamedica-wien.at\/\" target=\"_blank\" rel=\"noopener noreferrer\">Camerata Medica Wien<\/a><br \/>\n11.00, Festsaal der Rudolfstiftung<br \/>\nBoerhaavegasse 13, 1030 Wien<\/p>\n<p>Programm u. a.<br \/>\nC. Debussy: Rapsodie f\u00fcr Altsaxophon und Orchester<br \/>\nB. Smetana: Vy\u0161ehr\u00e1d &amp; \u0160\u00e1rka aus &#8220;M\u00e1 Vlast&#8221;<br \/>\nMozart: Sinfonie Nr. 40 g-Moll<\/p>\n<hr \/>\n<p>16. November 2012: <a href=\"http:\/\/www.kammerorchester.at\/\" target=\"_blank\" rel=\"noopener noreferrer\">Franz Schmidt Kammerorchester<\/a><br \/>\n19.30, Justizpalast<br \/>\nSchmerlingplatz 11, 1010 Wien<\/p>\n<p>Musik im Recht &#8211; Junge Talente stellen sich vor!<\/p>\n<p>Programm u. a.<br \/>\nM. Bruch: Violinkonzert (Hani Song, Violine)<br \/>\nR. Batik: On the Move (Bernhard K\u00e4ferb\u00f6ck, Klavier)<br \/>\nC. Saint-Sa\u00ebns: Havanaise (Viola Krebs, Violine)<\/p>\n<hr \/>\n<p>23. September 2012: <a href=\"http:\/\/www.cameratamedica-wien.at\/\" target=\"_blank\" rel=\"noopener noreferrer\">Camerata Medica Wien<\/a><br \/>\n16.00, Pfarrkirche Ziersdorf<\/p>\n<p>Werke von Francis Poulenc (Orgelkonzert), F. Mendelssohn, E. Elgar<\/p>\n<hr \/>\n<p>August 2012: <a href=\"http:\/\/www.camerata-pannonica.com\" target=\"_blank\" rel=\"noopener noreferrer\">Camerata Pannonica<\/a>, K\u0151szeg, Ungarn<\/p>\n<p>Abschlu\u00dfkonzert am 19. August 2012<br \/>\n11.00,<br \/>\nFranz-Liszt-Zentrum Raiding, Burgenland<\/p>\n<p>Chatschaturjan: aus Maskerade<br \/>\nDebussy: Pr\u00e9lude \u00e0 l&#8217;Apr\u00e8s-midi d&#8217;un Faune<br \/>\nSmetana: Aus B\u00f6hmens Hain und Flur<\/p>\n<p>Beethoven: Sinfonie Nr. 3 Es-Dur &#8216;Eroica&#8217; op. 55<\/p>\n<hr \/>\n<p>4. Juli 2012: <a href=\"http:\/\/www.cameratamedica-wien.at\/\" target=\"_blank\" rel=\"noopener noreferrer\">Camerata Medica Wien<\/a><br \/>\nAustria Center Wien<\/p>\n<p>Werke von Strau\u00df, Dvor\u00e1k, Brahms und Schubert<br \/>\nGeschlossene Veranstaltung: WONCA 2012<\/p>\n<hr \/>\n<p>28. Juni 2012: <a href=\"http:\/\/www.cameratamedica-wien.at\/\" target=\"_blank\" rel=\"noopener noreferrer\">Camerata Medica Wien<\/a><br \/>\n19.30, Gro\u00dfer Saal<br \/>\nMusikverein, 1010 Wien<\/p>\n<p>Beethoven: Sinfonie Nr. 5 c-moll op. 67<\/p>\n<hr \/>\n<p>2. Juni 2012: <a href=\"http:\/\/www.cameratamedica-wien.at\/\" target=\"_blank\" rel=\"noopener noreferrer\">Camerata Medica Wien<\/a><br \/>\n19.30, Rudolfstiftung Wien, Fessaal<br \/>\nBoerhaavegasse 13, 1030 Wien<\/p>\n<p>Werke von Strau\u00df, Dvor\u00e1k, Brahms und Schubert<\/p>\n<hr \/>\n<p>1. April 2012: <a href=\"http:\/\/www.grazerakademischephilharmonie.com\" target=\"_blank\" rel=\"noopener noreferrer\">Grazer Akademische Philharmonie<\/a><br \/>\n19.30, Congresszentrum Zehnerhaus<br \/>\nHauptplatz 10, 8490 Bad Radkersburg<\/p>\n<p>Mozart: Klavierkonzert Nr. 9 KV 241 &#8216;Jeunehomme&#8217;\/&#8217;Jenamy&#8217; (<a href=\"http:\/\/www.martinapadinger.com\" target=\"_blank\" rel=\"noopener noreferrer\">Martina Padinger<\/a>)<br \/>\nVivaldi: Konzert f\u00fcr 2 Trompeten und Streicher (Alfred Ornig, Helmut Arnfelser)<br \/>\nMozart: Sinfonie Nr. 40 g-moll KV 550 (Erstfassung)<\/p>\n<hr \/>\n<p>16. M\u00e4rz 2012: <a href=\"http:\/\/www.kammerorchester.at\/\" target=\"_blank\" rel=\"noopener noreferrer\">Franz-Schmidt Kammerorchester<\/a><br \/>\n19.30, Justizpalast<br \/>\nSchmerlingplatz 11, 1010 Wien<\/p>\n<p>Musik im Recht &#8211; Junge Talente stellen sich vor<\/p>\n<p>Mendelssohn: Violinkonzert e-moll op. 64, 1. Satz<br \/>\nHaydn: Klavierkonzert D-Dur Hob. XVIII\/11, 1. Satz<br \/>\nKreisler: Pr\u00e4ludium und Allegro nach Pugnani<br \/>\nTschaikowsky: Rokoko-Variationen op. 33<\/p>\n<p>Rodrigo: Concierto de Aranjuez, 2. und 3. Satz (Katrina Szederkenyi)<br \/>\nProkofjew: Sinfonie Nr. 1 (&#8220;Sinfonie Classique&#8221;) op. 25<\/p>\n<hr \/>\n<p>17. &amp; 29. Februar 2012: <a href=\"http:\/\/www.kammerorchester.at\/\" target=\"_blank\" rel=\"noopener noreferrer\">Franz-Schmidt Kammerorchester<\/a><br \/>\n10.00 &amp; 11.30<br \/>\nHaus der Begegnung<br \/>\nAngerer Strasse 14, 1210 Wien<\/p>\n<p>Mozart f\u00fcr Kinder (Moderation: Victor Kautsch, Solisten: Maria B. Hochbichler, Liviu Burz, Nura Jahanpour)<\/p>\n<p>Programm u.a.<br \/>\nRondo KV 382<br \/>\nSinfonie Nr. 1 KV 16<br \/>\nSinfonie Nr. 29 KV 201<\/p>\n<hr \/>\n<p>15. Dezember 2011: <a href=\"http:\/\/www.kammerorchester.at\/\" target=\"_blank\" rel=\"noopener noreferrer\">Franz-Schmidt Kammerorchester<\/a><br \/>\n18.00, Joseph-Haydn-Saal<br \/>\nUniversit\u00e4t f\u00fcr Musik und darstellende Kunst, Wien<br \/>\nAnton-Webern-Platz, 1030 Wien<\/p>\n<p>Jubil\u00e4umskonzert Imola Jo\u00f3<\/p>\n<p>Sug\u00e1r: Rondo f\u00fcr Klavier und Orchester<br \/>\nMozart: Klavierkonzert KV 414, 2. Satz<br \/>\nMendelssohn: Capriccio Brillant op. 22<br \/>\nSchumann: Klavierkonzert a-moll, 1. Satz (<a href=\"http:\/\/www.agneswolf.com\" target=\"_blank\" rel=\"noopener noreferrer\">Agnes Wolf<\/a>)<br \/>\nBeethoven: Klavierkonzert Nr. 3 c-moll op. 37 (Krisztina Gy\u00f6p\u00f6s, <a href=\"http:\/\/www.christophberner.com\" target=\"_blank\" rel=\"noopener noreferrer\">Christoph Berner<\/a>)<\/p>\n<hr \/>\n<p>27. November 2011: <a href=\"http:\/\/www.cameratamedica-wien.at\/\" target=\"_blank\" rel=\"noopener noreferrer\">Camerata Medica Wien<\/a><br \/>\n11.00, Rudolfstiftung Wien, Festsaal<br \/>\nBoerhaavegasse 13, 1030 Wien<\/p>\n<p>Kinderkonzert<\/p>\n<p>Strawinsky: Suiten 1 und 2<br \/>\nProkofjew: A Summer Day<br \/>\nProkofjew: Peter und der Wolf (Sprecherin: Brigitte Stefan)<\/p>\n<hr \/>\n<p>18. November 2011: <a href=\"http:\/\/www.kammerorchester.at\/\" target=\"_blank\" rel=\"noopener noreferrer\">Franz-Schmidt Kammerorchester<\/a><br \/>\n19.30, Justizpalast<br \/>\nSchmerlingplatz 11, 1010 Wien<\/p>\n<p>Musik im Recht &#8211; Junge Talente stellen sich vor<\/p>\n<p>Grieg: &#8220;Peer Gynt&#8221;-Suite Nr. 1 op. 46<br \/>\nPaganini: Violinkonzert Nr. 2 h-moll op. 7, 3. Satz<br \/>\nDanzi: Fl\u00f6tenkonzert Nr. 2 d-moll op. 16, 1. Satz<br \/>\nGrieg: Klavierkonzert a-moll op. 16, 1. Satz (<a href=\"http:\/\/www.dorothy-khadem-missagh.com\/\" target=\"_blank\" rel=\"noopener noreferrer\">Dorothy Khadem-Missagh<\/a>)<br \/>\nMendelssohn: Capriccio Brillant op. 22<br \/>\nHaydn: Cellokonzert D-Dur, 1. Satz<br \/>\nProkofjew: Klavierkonzert Nr. 1 op. 10 (<a href=\"http:\/\/www.martinwerner.ch\" target=\"_blank\" rel=\"noopener noreferrer\">Martin Werner<\/a>)<\/p>\n<hr \/>\n<p>28. August 2011: <a href=\"http:\/\/www.kammerorchester.at\/\" target=\"_blank\" rel=\"noopener noreferrer\">Franz-Schmidt Kammerorchester<\/a><br \/>\n11.00 &amp; 15.00, <a href=\"http:\/\/www.liechtensteinmuseum.at\/\" target=\"_blank\" rel=\"noopener noreferrer\">Liechtenstein Museum<\/a>, Herkulessaal<br \/>\nF\u00fcrstengasse 1, 1090 Wien<\/p>\n<p>Rossini: Ouvert\u00fcre zu &#8220;Der Barbier von Sevilla&#8221;<br \/>\nDvo\u0159\u00e1k: Tschechische Suite op. 39<br \/>\nBrahms: Ungarische T\u00e4nze Nr. 5 &amp; 6<br \/>\nLiszt: Klavierkonzert Nr. 2 (Klavier: <a href=\"http:\/\/www.estherbirringer.com\" target=\"_blank\" rel=\"noopener noreferrer\">Esther Birringer<\/a>)<\/p>\n<hr \/>\n<p>August 2011: <a href=\"http:\/\/www.camerata-pannonica.com\" target=\"_blank\" rel=\"noopener noreferrer\">Camerata Pannonica<\/a>, K\u0151szeg, Ungarn<\/p>\n<p>Abschlu\u00dfkonzert am 21. August 2011<br \/>\n11.00,<br \/>\nFranz-Liszt-Zentrum Raiding, Burgenland<\/p>\n<p>Liszt: Ungarische Rhapsodie Nr. 2<br \/>\nPoulenc: Sinfonietta<br \/>\nDvo\u0159\u00e1k: Sinfonie Nr. 7 d-moll op. 70<\/p>\n<hr \/>\n<p>19. Juni 2011: <a href=\"http:\/\/www.cameratamedica-wien.at\/\" target=\"_blank\" rel=\"noopener noreferrer\">Camerata Medica Wien<\/a><br \/>\n11.00, Festsaal der Rudolfstiftung, Boerhaavegasse 13, 1030 Wien<\/p>\n<p>Ravel: Ma m\u00e8re l&#8217;Oye<br \/>\nElgar: Sea pictures op. 37 (Jaroslava Pepper, Mezzosopran)<br \/>\nSchubert: Sinfonie Nr. 8 C-Dur (&#8220;Gro\u00dfe&#8221;)<\/p>\n<hr \/>\n<p>29. &amp; 30. April 2011<br \/>\n19.00, Stadtpfarrkirche Braunau\/Inn<br \/>\n19.00, Franziskanerkirche Graz<\/p>\n<p>J. S. Bach: Matth\u00e4uspassion<\/p>\n<p>Camerata Graz, chor pro musica graz<br \/>\nMartin Sieghart, Leitung<br \/>\nNicolas Radulescu: Continuo<\/p>\n<hr \/>\n<p>9. April 2011: <a href=\"http:\/\/www.grazerakademischephilharmonie.com\/\" target=\"_blank\" rel=\"noopener noreferrer\">Grazer Akademische Philharmonie<\/a><br \/>\n19.30, Congresszentrum Zehnerhaus, Bad Radkersburg<\/p>\n<p>Programm u.a.<br \/>\nTelemann: Ouvert\u00fcre &#8220;La Tromba&#8221; (Alfred Ornig, Trompete)<br \/>\nTartini: Trompetenkonzert (Alfred Ornig, Trompete)<br \/>\nMozart: Ausz\u00fcge aus &#8220;Exsultate, jubilate&#8221;<br \/>\nMozart: Arie &#8220;Come scoglio&#8221; aus &#8220;Cos\u00ec fan tutte&#8221; (Bettina Wechselberger, Sopran)<br \/>\nL. Mozart (?): Kindersinfonie<br \/>\nHaydn: Sinfonie Nr. 45 fis-moll &#8220;Abschiedssinfonie&#8221; Hob. I\/45<\/p>\n<hr \/>\n<p>25. M\u00e4rz 2011: <a href=\"http:\/\/www.camerata-pannonica.com\" target=\"_blank\" rel=\"noopener noreferrer\">Franz-Schmidt Kammerorchester<\/a><br \/>\n19.30, Justizpalast Wien<\/p>\n<p>Musik im Recht &#8211; Junge Talente stellen sich vor<\/p>\n<p>Programm u.a.<\/p>\n<p>Mendelssohn: Hebriden-Ouvert\u00fcre op. 26<br \/>\nSarasate: Zigeunerweisen op. 20 (Solist: Cristian Ruscior)<br \/>\nChopin: Klavierkonzert Nr. 1 e-moll op. 11, Ausz\u00fcge (Solistin: Kyuri Lee)<br \/>\nRossini: Introduktion, Thema und Variationen f\u00fcr Klarinette und Orchester (Solistin: Lea Barblan)<br \/>\nBruch: Violinkonzert Nr. 1 g-moll op. 26, Ausz\u00fcge (Solistin: Katharina Gorgi)<\/p>\n<hr \/>\n<p>12. M\u00e4rz 2011: <a href=\"http:\/\/www.guo.at\" target=\"_blank\" rel=\"noopener noreferrer\">Grazer Universit\u00e4tsorchester<\/a><br \/>\n19.00, Pyramide der Universit\u00e4t Tekirdag, T\u00fcrkei<\/p>\n<p>Mozart: Sinfonie Nr. 1 Es-Dur KV 16<br \/>\nL. Mozart: Trompetenkonzert D-Dur (Solist: Thomas Preimesberger)<br \/>\nBeethoven: Die Gesch\u00f6pfe des Prometheus op. 43 (Ausz\u00fcge)<br \/>\nBeethoven: Musik zu einem Ritterballett WoO 1<br \/>\n&#8211;<br \/>\nMozart: Sinfonie Nr. 3 Es-Dur KV 18 (C. F. Abel)<br \/>\nSchubert: Rondo f\u00fcr Violine und Streicher A-Dur D. 438 (Solistin: Karin Weyrmair)<br \/>\nMozart: Sinfonie Nr. 14 A-Dur KV 114<\/p>\n<hr \/>\n<p>18. Februar 2011: <a href=\"http:\/\/www.cameratamedica-wien.at\" target=\"_blank\" rel=\"noopener noreferrer\">Camerata Medica Wien<\/a><br \/>\n19.30, Festsaal der Rudolfstiftung Wien<\/p>\n<p>Bruckner: Sinfonie Nr. 3 d-moll (1889)<\/p>\n<hr \/>\n<p>2. Januar 2011: <a href=\"http:\/\/www.camerata-pannonica.com\" target=\"_blank\" rel=\"noopener noreferrer\">Franz-Schmidt Kammerorchester<\/a><br \/>\nLiechtenstein-Museum Wien<\/p>\n<p>Mozart: Sinfonie Nr. 1 Es-Dur KV 16<br \/>\nMozart: Konzert f\u00fcr Horn und Orchester Nr. 2 Es-Dur<br \/>\nMozart: Konzert f\u00fcr Violine und Orchester Nr. 5 A-Dur (Ausz\u00fcge)<br \/>\nMozart: Ein musikalischer Spa\u00df KV 522 (Ausz\u00fcge)<br \/>\nHaydn: Sinfonie Nr. 45 fis-moll (&#8216;Abschiedssinfonie&#8217;), 4. Satz<\/p>\n<hr \/>\n","protected":false},"excerpt":{"rendered":"<p>22 November 2015: Camerata Medica Wien 11:00 am, Spitzy Auditorium, Orthop\u00e4disches Spital Speising Khatchaturian: Masquerade Suite Rodrigo: Concierto de Aranjuez (Alv\u00e1ro Cordoba, guitar) Dvo\u0159\u00e1k: Symphony no. 8 G major, Op. 88 13 November 2015: Franz Schmidt Kammerorchester 7:00 pm, Justizpalast Wien Musik im Recht &#8211; Meet Young Talents! Elgar: Cello Concerto in E minor, Op. [&hellip;]<\/p>\n","protected":false},"author":10,"featured_media":0,"parent":0,"menu_order":0,"comment_status":"closed","ping_status":"closed","template":"","meta":{"footnotes":""},"class_list":["post-1751","page","type-page","status-publish","hentry"],"yoast_head":"<!-- This site is optimized with the Yoast SEO plugin v27.1.1 - https:\/\/yoast.com\/product\/yoast-seo-wordpress\/ -->\n<title>Appearances 2011 \u2013\u00a02015 &#8226; Nicolas Radulescu, Conductor<\/title>\n<meta name=\"robots\" content=\"index, follow, max-snippet:-1, max-image-preview:large, max-video-preview:-1\" \/>\n<link rel=\"canonical\" href=\"https:\/\/www.nicolasradulescu.at\/en\/appearances-2011-2015\/\" \/>\n<meta property=\"og:locale\" content=\"en_US\" \/>\n<meta property=\"og:type\" content=\"article\" \/>\n<meta property=\"og:title\" content=\"Appearances 2011 \u2013\u00a02015 &#8226; Nicolas Radulescu, Conductor\" \/>\n<meta property=\"og:description\" content=\"22 November 2015: Camerata Medica Wien 11:00 am, Spitzy Auditorium, Orthop\u00e4disches Spital Speising Khatchaturian: Masquerade Suite Rodrigo: Concierto de Aranjuez (Alv\u00e1ro Cordoba, guitar) Dvo\u0159\u00e1k: Symphony no. 8 G major, Op. 88 13 November 2015: Franz Schmidt Kammerorchester 7:00 pm, Justizpalast Wien Musik im Recht &#8211; Meet Young Talents! Elgar: Cello Concerto in E minor, Op. [&hellip;]\" \/>\n<meta property=\"og:url\" content=\"https:\/\/www.nicolasradulescu.at\/en\/appearances-2011-2015\/\" \/>\n<meta property=\"og:site_name\" content=\"Nicolas Radulescu, Conductor\" \/>\n<meta property=\"article:modified_time\" content=\"2018-03-28T11:52:01+00:00\" \/>\n<meta property=\"og:image\" content=\"https:\/\/www.nicolasradulescu.at\/wp-content\/uploads\/2016\/12\/portraitslider2.jpg\" \/>\n\t<meta property=\"og:image:width\" content=\"1600\" \/>\n\t<meta property=\"og:image:height\" content=\"550\" \/>\n\t<meta property=\"og:image:type\" content=\"image\/jpeg\" \/>\n<meta name=\"twitter:card\" content=\"summary_large_image\" \/>\n<meta name=\"twitter:label1\" content=\"Est. reading time\" \/>\n\t<meta name=\"twitter:data1\" content=\"10 minutes\" \/>\n<script type=\"application\/ld+json\" class=\"yoast-schema-graph\">{\"@context\":\"https:\/\/schema.org\",\"@graph\":[{\"@type\":\"WebPage\",\"@id\":\"https:\/\/www.nicolasradulescu.at\/en\/appearances-2011-2015\/\",\"url\":\"https:\/\/www.nicolasradulescu.at\/en\/appearances-2011-2015\/\",\"name\":\"Appearances 2011 \u2013\u00a02015 &#8226; Nicolas Radulescu, Conductor\",\"isPartOf\":{\"@id\":\"https:\/\/www.nicolasradulescu.at\/#website\"},\"datePublished\":\"2018-03-28T11:50:30+00:00\",\"dateModified\":\"2018-03-28T11:52:01+00:00\",\"breadcrumb\":{\"@id\":\"https:\/\/www.nicolasradulescu.at\/en\/appearances-2011-2015\/#breadcrumb\"},\"inLanguage\":\"en-US\",\"potentialAction\":[{\"@type\":\"ReadAction\",\"target\":[\"https:\/\/www.nicolasradulescu.at\/en\/appearances-2011-2015\/\"]}]},{\"@type\":\"BreadcrumbList\",\"@id\":\"https:\/\/www.nicolasradulescu.at\/en\/appearances-2011-2015\/#breadcrumb\",\"itemListElement\":[{\"@type\":\"ListItem\",\"position\":1,\"name\":\"Startseite\",\"item\":\"https:\/\/www.nicolasradulescu.at\/en\/\"},{\"@type\":\"ListItem\",\"position\":2,\"name\":\"Appearances 2011 \u2013\u00a02015\"}]},{\"@type\":\"WebSite\",\"@id\":\"https:\/\/www.nicolasradulescu.at\/#website\",\"url\":\"https:\/\/www.nicolasradulescu.at\/\",\"name\":\"Nicolas Radulescu, Dirigent\",\"description\":\"Website of Nicolas Radulescu\",\"publisher\":{\"@id\":\"https:\/\/www.nicolasradulescu.at\/#\/schema\/person\/947d03d0295f47703dfdbba464f6707c\"},\"potentialAction\":[{\"@type\":\"SearchAction\",\"target\":{\"@type\":\"EntryPoint\",\"urlTemplate\":\"https:\/\/www.nicolasradulescu.at\/?s={search_term_string}\"},\"query-input\":{\"@type\":\"PropertyValueSpecification\",\"valueRequired\":true,\"valueName\":\"search_term_string\"}}],\"inLanguage\":\"en-US\"},{\"@type\":[\"Person\",\"Organization\"],\"@id\":\"https:\/\/www.nicolasradulescu.at\/#\/schema\/person\/947d03d0295f47703dfdbba464f6707c\",\"name\":\"Nicolas Radulescu\",\"image\":{\"@type\":\"ImageObject\",\"inLanguage\":\"en-US\",\"@id\":\"https:\/\/www.nicolasradulescu.at\/#\/schema\/person\/image\/\",\"url\":\"https:\/\/www.nicolasradulescu.at\/wp-content\/uploads\/2016\/12\/portrait4.jpg\",\"contentUrl\":\"https:\/\/www.nicolasradulescu.at\/wp-content\/uploads\/2016\/12\/portrait4.jpg\",\"width\":1600,\"height\":1067,\"caption\":\"Nicolas Radulescu\"},\"logo\":{\"@id\":\"https:\/\/www.nicolasradulescu.at\/#\/schema\/person\/image\/\"},\"sameAs\":[\"https:\/\/www.nicolasradulescu.at\"]}]}<\/script>\n<!-- \/ Yoast SEO plugin. -->","yoast_head_json":{"title":"Appearances 2011 \u2013\u00a02015 &#8226; Nicolas Radulescu, Conductor","robots":{"index":"index","follow":"follow","max-snippet":"max-snippet:-1","max-image-preview":"max-image-preview:large","max-video-preview":"max-video-preview:-1"},"canonical":"https:\/\/www.nicolasradulescu.at\/en\/appearances-2011-2015\/","og_locale":"en_US","og_type":"article","og_title":"Appearances 2011 \u2013\u00a02015 &#8226; Nicolas Radulescu, Conductor","og_description":"22 November 2015: Camerata Medica Wien 11:00 am, Spitzy Auditorium, Orthop\u00e4disches Spital Speising Khatchaturian: Masquerade Suite Rodrigo: Concierto de Aranjuez (Alv\u00e1ro Cordoba, guitar) Dvo\u0159\u00e1k: Symphony no. 8 G major, Op. 88 13 November 2015: Franz Schmidt Kammerorchester 7:00 pm, Justizpalast Wien Musik im Recht &#8211; Meet Young Talents! Elgar: Cello Concerto in E minor, Op. [&hellip;]","og_url":"https:\/\/www.nicolasradulescu.at\/en\/appearances-2011-2015\/","og_site_name":"Nicolas Radulescu, Conductor","article_modified_time":"2018-03-28T11:52:01+00:00","og_image":[{"width":1600,"height":550,"url":"https:\/\/www.nicolasradulescu.at\/wp-content\/uploads\/2016\/12\/portraitslider2.jpg","type":"image\/jpeg"}],"twitter_card":"summary_large_image","twitter_misc":{"Est. reading time":"10 minutes"},"schema":{"@context":"https:\/\/schema.org","@graph":[{"@type":"WebPage","@id":"https:\/\/www.nicolasradulescu.at\/en\/appearances-2011-2015\/","url":"https:\/\/www.nicolasradulescu.at\/en\/appearances-2011-2015\/","name":"Appearances 2011 \u2013\u00a02015 &#8226; Nicolas Radulescu, Conductor","isPartOf":{"@id":"https:\/\/www.nicolasradulescu.at\/#website"},"datePublished":"2018-03-28T11:50:30+00:00","dateModified":"2018-03-28T11:52:01+00:00","breadcrumb":{"@id":"https:\/\/www.nicolasradulescu.at\/en\/appearances-2011-2015\/#breadcrumb"},"inLanguage":"en-US","potentialAction":[{"@type":"ReadAction","target":["https:\/\/www.nicolasradulescu.at\/en\/appearances-2011-2015\/"]}]},{"@type":"BreadcrumbList","@id":"https:\/\/www.nicolasradulescu.at\/en\/appearances-2011-2015\/#breadcrumb","itemListElement":[{"@type":"ListItem","position":1,"name":"Startseite","item":"https:\/\/www.nicolasradulescu.at\/en\/"},{"@type":"ListItem","position":2,"name":"Appearances 2011 \u2013\u00a02015"}]},{"@type":"WebSite","@id":"https:\/\/www.nicolasradulescu.at\/#website","url":"https:\/\/www.nicolasradulescu.at\/","name":"Nicolas Radulescu, Dirigent","description":"Website of Nicolas Radulescu","publisher":{"@id":"https:\/\/www.nicolasradulescu.at\/#\/schema\/person\/947d03d0295f47703dfdbba464f6707c"},"potentialAction":[{"@type":"SearchAction","target":{"@type":"EntryPoint","urlTemplate":"https:\/\/www.nicolasradulescu.at\/?s={search_term_string}"},"query-input":{"@type":"PropertyValueSpecification","valueRequired":true,"valueName":"search_term_string"}}],"inLanguage":"en-US"},{"@type":["Person","Organization"],"@id":"https:\/\/www.nicolasradulescu.at\/#\/schema\/person\/947d03d0295f47703dfdbba464f6707c","name":"Nicolas Radulescu","image":{"@type":"ImageObject","inLanguage":"en-US","@id":"https:\/\/www.nicolasradulescu.at\/#\/schema\/person\/image\/","url":"https:\/\/www.nicolasradulescu.at\/wp-content\/uploads\/2016\/12\/portrait4.jpg","contentUrl":"https:\/\/www.nicolasradulescu.at\/wp-content\/uploads\/2016\/12\/portrait4.jpg","width":1600,"height":1067,"caption":"Nicolas Radulescu"},"logo":{"@id":"https:\/\/www.nicolasradulescu.at\/#\/schema\/person\/image\/"},"sameAs":["https:\/\/www.nicolasradulescu.at"]}]}},"_links":{"self":[{"href":"https:\/\/www.nicolasradulescu.at\/en\/wp-json\/wp\/v2\/pages\/1751","targetHints":{"allow":["GET"]}}],"collection":[{"href":"https:\/\/www.nicolasradulescu.at\/en\/wp-json\/wp\/v2\/pages"}],"about":[{"href":"https:\/\/www.nicolasradulescu.at\/en\/wp-json\/wp\/v2\/types\/page"}],"author":[{"embeddable":true,"href":"https:\/\/www.nicolasradulescu.at\/en\/wp-json\/wp\/v2\/users\/10"}],"replies":[{"embeddable":true,"href":"https:\/\/www.nicolasradulescu.at\/en\/wp-json\/wp\/v2\/comments?post=1751"}],"version-history":[{"count":0,"href":"https:\/\/www.nicolasradulescu.at\/en\/wp-json\/wp\/v2\/pages\/1751\/revisions"}],"wp:attachment":[{"href":"https:\/\/www.nicolasradulescu.at\/en\/wp-json\/wp\/v2\/media?parent=1751"}],"curies":[{"name":"wp","href":"https:\/\/api.w.org\/{rel}","templated":true}]}}